{"id":30,"date":"2019-01-29T11:42:49","date_gmt":"2019-01-29T10:42:49","guid":{"rendered":"http:\/\/www.sozialtreff-erlangen.de\/WP\/?page_id=30"},"modified":"2023-12-15T11:51:55","modified_gmt":"2023-12-15T10:51:55","slug":"presse","status":"publish","type":"page","link":"https:\/\/www.sozialtreff-erlangen.de\/WP\/presse\/","title":{"rendered":"Presse"},"content":{"rendered":"\t\t<div data-elementor-type=\"wp-post\" data-elementor-id=\"30\" class=\"elementor elementor-30\">\n\t\t\t\t\t\t<section class=\"elementor-section elementor-top-section elementor-element elementor-element-8c64bd7 elementor-section-boxed elementor-section-height-default elementor-section-height-default\" data-id=\"8c64bd7\" data-element_type=\"section\" data-e-type=\"section\">\n\t\t\t\t\t\t<div class=\"elementor-container elementor-column-gap-default\">\n\t\t\t\t\t<div class=\"elementor-column elementor-col-100 elementor-top-column elementor-element elementor-element-127ad2e\" data-id=\"127ad2e\" data-element_type=\"column\" data-e-type=\"column\">\n\t\t\t<div class=\"elementor-widget-wrap elementor-element-populated\">\n\t\t\t\t\t\t<div class=\"elementor-element elementor-element-5cbf626 elementor-widget elementor-widget-heading\" data-id=\"5cbf626\" data-element_type=\"widget\" data-e-type=\"widget\" data-widget_type=\"heading.default\">\n\t\t\t\t<div class=\"elementor-widget-container\">\n\t\t\t\t\t<h2 class=\"elementor-heading-title elementor-size-default\">Der Sozialtreff in der Presse<\/h2>\t\t\t\t<\/div>\n\t\t\t\t<\/div>\n\t\t\t\t<div class=\"elementor-element elementor-element-8fc7266 elementor-widget elementor-widget-image\" data-id=\"8fc7266\" data-element_type=\"widget\" data-e-type=\"widget\" data-widget_type=\"image.default\">\n\t\t\t\t<div class=\"elementor-widget-container\">\n\t\t\t\t\t\t\t\t\t\t\t\t\t\t\t\t<a href=\"https:\/\/www.sozialtreff-erlangen.de\/WP\/wp-content\/uploads\/2023\/08\/NN28082023Detail.jpg\">\n\t\t\t\t\t\t\t<img fetchpriority=\"high\" decoding=\"async\" width=\"800\" height=\"651\" src=\"https:\/\/www.sozialtreff-erlangen.de\/WP\/wp-content\/uploads\/2023\/08\/NN28082023.jpg\" class=\"attachment-large size-large wp-image-648\" alt=\"\" srcset=\"https:\/\/www.sozialtreff-erlangen.de\/WP\/wp-content\/uploads\/2023\/08\/NN28082023.jpg 800w, https:\/\/www.sozialtreff-erlangen.de\/WP\/wp-content\/uploads\/2023\/08\/NN28082023-300x244.jpg 300w, https:\/\/www.sozialtreff-erlangen.de\/WP\/wp-content\/uploads\/2023\/08\/NN28082023-768x625.jpg 768w\" sizes=\"(max-width: 800px) 100vw, 800px\" \/>\t\t\t\t\t\t\t\t<\/a>\n\t\t\t\t\t\t\t\t\t\t\t\t\t\t\t<\/div>\n\t\t\t\t<\/div>\n\t\t\t\t<div class=\"elementor-element elementor-element-ba7ddb4 elementor-widget elementor-widget-image-gallery\" data-id=\"ba7ddb4\" data-element_type=\"widget\" data-e-type=\"widget\" data-widget_type=\"image-gallery.default\">\n\t\t\t\t<div class=\"elementor-widget-container\">\n\t\t\t\t\t\t\t<div class=\"elementor-image-gallery\">\n\t\t\t<div id='gallery-1' class='gallery galleryid-30 gallery-columns-2 gallery-size-full'><figure class='gallery-item'>\n\t\t\t<div class='gallery-icon landscape'>\n\t\t\t\t<a data-elementor-open-lightbox=\"yes\" data-elementor-lightbox-slideshow=\"ba7ddb4\" data-elementor-lightbox-title=\"Sozialtreff_20230812_sip_0741\" data-e-action-hash=\"#elementor-action%3Aaction%3Dlightbox%26settings%3DeyJpZCI6NjgzLCJ1cmwiOiJodHRwczpcL1wvd3d3LnNvemlhbHRyZWZmLWVybGFuZ2VuLmRlXC9XUFwvd3AtY29udGVudFwvdXBsb2Fkc1wvMjAyM1wvMDlcL1NvemlhbHRyZWZmXzIwMjMwODEyX3NpcF8wNzQxLTEuanBnIiwic2xpZGVzaG93IjoiYmE3ZGRiNCJ9\" href='https:\/\/www.sozialtreff-erlangen.de\/WP\/wp-content\/uploads\/2023\/09\/Sozialtreff_20230812_sip_0741-1.jpg'><img decoding=\"async\" width=\"400\" height=\"266\" src=\"https:\/\/www.sozialtreff-erlangen.de\/WP\/wp-content\/uploads\/2023\/09\/Sozialtreff_20230812_sip_0741-1.jpg\" class=\"attachment-full size-full\" alt=\"\" srcset=\"https:\/\/www.sozialtreff-erlangen.de\/WP\/wp-content\/uploads\/2023\/09\/Sozialtreff_20230812_sip_0741-1.jpg 400w, https:\/\/www.sozialtreff-erlangen.de\/WP\/wp-content\/uploads\/2023\/09\/Sozialtreff_20230812_sip_0741-1-300x200.jpg 300w\" sizes=\"(max-width: 400px) 100vw, 400px\" \/><\/a>\n\t\t\t<\/div><\/figure><figure class='gallery-item'>\n\t\t\t<div class='gallery-icon landscape'>\n\t\t\t\t<a data-elementor-open-lightbox=\"yes\" data-elementor-lightbox-slideshow=\"ba7ddb4\" data-elementor-lightbox-title=\"Sozialtreff_20230812_sip_0667\" data-e-action-hash=\"#elementor-action%3Aaction%3Dlightbox%26settings%3DeyJpZCI6Njg0LCJ1cmwiOiJodHRwczpcL1wvd3d3LnNvemlhbHRyZWZmLWVybGFuZ2VuLmRlXC9XUFwvd3AtY29udGVudFwvdXBsb2Fkc1wvMjAyM1wvMDlcL1NvemlhbHRyZWZmXzIwMjMwODEyX3NpcF8wNjY3LTEuanBnIiwic2xpZGVzaG93IjoiYmE3ZGRiNCJ9\" href='https:\/\/www.sozialtreff-erlangen.de\/WP\/wp-content\/uploads\/2023\/09\/Sozialtreff_20230812_sip_0667-1.jpg'><img decoding=\"async\" width=\"400\" height=\"292\" src=\"https:\/\/www.sozialtreff-erlangen.de\/WP\/wp-content\/uploads\/2023\/09\/Sozialtreff_20230812_sip_0667-1.jpg\" class=\"attachment-full size-full\" alt=\"\" srcset=\"https:\/\/www.sozialtreff-erlangen.de\/WP\/wp-content\/uploads\/2023\/09\/Sozialtreff_20230812_sip_0667-1.jpg 400w, https:\/\/www.sozialtreff-erlangen.de\/WP\/wp-content\/uploads\/2023\/09\/Sozialtreff_20230812_sip_0667-1-300x219.jpg 300w\" sizes=\"(max-width: 400px) 100vw, 400px\" \/><\/a>\n\t\t\t<\/div><\/figure><figure class='gallery-item'>\n\t\t\t<div class='gallery-icon landscape'>\n\t\t\t\t<a data-elementor-open-lightbox=\"yes\" data-elementor-lightbox-slideshow=\"ba7ddb4\" data-elementor-lightbox-title=\"Sozialtreff_20230812_sip_0659\" data-e-action-hash=\"#elementor-action%3Aaction%3Dlightbox%26settings%3DeyJpZCI6Njg1LCJ1cmwiOiJodHRwczpcL1wvd3d3LnNvemlhbHRyZWZmLWVybGFuZ2VuLmRlXC9XUFwvd3AtY29udGVudFwvdXBsb2Fkc1wvMjAyM1wvMDlcL1NvemlhbHRyZWZmXzIwMjMwODEyX3NpcF8wNjU5LTEuanBnIiwic2xpZGVzaG93IjoiYmE3ZGRiNCJ9\" href='https:\/\/www.sozialtreff-erlangen.de\/WP\/wp-content\/uploads\/2023\/09\/Sozialtreff_20230812_sip_0659-1.jpg'><img loading=\"lazy\" decoding=\"async\" width=\"400\" height=\"277\" src=\"https:\/\/www.sozialtreff-erlangen.de\/WP\/wp-content\/uploads\/2023\/09\/Sozialtreff_20230812_sip_0659-1.jpg\" class=\"attachment-full size-full\" alt=\"\" srcset=\"https:\/\/www.sozialtreff-erlangen.de\/WP\/wp-content\/uploads\/2023\/09\/Sozialtreff_20230812_sip_0659-1.jpg 400w, https:\/\/www.sozialtreff-erlangen.de\/WP\/wp-content\/uploads\/2023\/09\/Sozialtreff_20230812_sip_0659-1-300x208.jpg 300w\" sizes=\"(max-width: 400px) 100vw, 400px\" \/><\/a>\n\t\t\t<\/div><\/figure><figure class='gallery-item'>\n\t\t\t<div class='gallery-icon landscape'>\n\t\t\t\t<a data-elementor-open-lightbox=\"yes\" data-elementor-lightbox-slideshow=\"ba7ddb4\" data-elementor-lightbox-title=\"Sozialtreff_20230812_sip_0651\" data-e-action-hash=\"#elementor-action%3Aaction%3Dlightbox%26settings%3DeyJpZCI6Njg2LCJ1cmwiOiJodHRwczpcL1wvd3d3LnNvemlhbHRyZWZmLWVybGFuZ2VuLmRlXC9XUFwvd3AtY29udGVudFwvdXBsb2Fkc1wvMjAyM1wvMDlcL1NvemlhbHRyZWZmXzIwMjMwODEyX3NpcF8wNjUxLTEuanBnIiwic2xpZGVzaG93IjoiYmE3ZGRiNCJ9\" href='https:\/\/www.sozialtreff-erlangen.de\/WP\/wp-content\/uploads\/2023\/09\/Sozialtreff_20230812_sip_0651-1.jpg'><img loading=\"lazy\" decoding=\"async\" width=\"400\" height=\"266\" src=\"https:\/\/www.sozialtreff-erlangen.de\/WP\/wp-content\/uploads\/2023\/09\/Sozialtreff_20230812_sip_0651-1.jpg\" class=\"attachment-full size-full\" alt=\"\" srcset=\"https:\/\/www.sozialtreff-erlangen.de\/WP\/wp-content\/uploads\/2023\/09\/Sozialtreff_20230812_sip_0651-1.jpg 400w, https:\/\/www.sozialtreff-erlangen.de\/WP\/wp-content\/uploads\/2023\/09\/Sozialtreff_20230812_sip_0651-1-300x200.jpg 300w\" sizes=\"(max-width: 400px) 100vw, 400px\" \/><\/a>\n\t\t\t<\/div><\/figure><figure class='gallery-item'>\n\t\t\t<div class='gallery-icon landscape'>\n\t\t\t\t<a data-elementor-open-lightbox=\"yes\" data-elementor-lightbox-slideshow=\"ba7ddb4\" data-elementor-lightbox-title=\"Sozialtreff_20230812_sip_0710\" data-e-action-hash=\"#elementor-action%3Aaction%3Dlightbox%26settings%3DeyJpZCI6Njg3LCJ1cmwiOiJodHRwczpcL1wvd3d3LnNvemlhbHRyZWZmLWVybGFuZ2VuLmRlXC9XUFwvd3AtY29udGVudFwvdXBsb2Fkc1wvMjAyM1wvMDlcL1NvemlhbHRyZWZmXzIwMjMwODEyX3NpcF8wNzEwLTEuanBnIiwic2xpZGVzaG93IjoiYmE3ZGRiNCJ9\" href='https:\/\/www.sozialtreff-erlangen.de\/WP\/wp-content\/uploads\/2023\/09\/Sozialtreff_20230812_sip_0710-1.jpg'><img loading=\"lazy\" decoding=\"async\" width=\"400\" height=\"274\" src=\"https:\/\/www.sozialtreff-erlangen.de\/WP\/wp-content\/uploads\/2023\/09\/Sozialtreff_20230812_sip_0710-1.jpg\" class=\"attachment-full size-full\" alt=\"\" srcset=\"https:\/\/www.sozialtreff-erlangen.de\/WP\/wp-content\/uploads\/2023\/09\/Sozialtreff_20230812_sip_0710-1.jpg 400w, https:\/\/www.sozialtreff-erlangen.de\/WP\/wp-content\/uploads\/2023\/09\/Sozialtreff_20230812_sip_0710-1-300x206.jpg 300w\" sizes=\"(max-width: 400px) 100vw, 400px\" \/><\/a>\n\t\t\t<\/div><\/figure>\n\t\t<\/div>\n\t\t<\/div>\n\t\t\t\t\t\t<\/div>\n\t\t\t\t<\/div>\n\t\t\t\t<div class=\"elementor-element elementor-element-e19a55c elementor-widget elementor-widget-heading\" data-id=\"e19a55c\" data-element_type=\"widget\" data-e-type=\"widget\" data-widget_type=\"heading.default\">\n\t\t\t\t<div class=\"elementor-widget-container\">\n\t\t\t\t\t<h2 class=\"elementor-heading-title elementor-size-medium\">Erlangen H\u00f6chstadt Herzogenaurach am 15.12.2017 in der Sparkasse Erlangen am Hugenottenplatz<\/h2>\t\t\t\t<\/div>\n\t\t\t\t<\/div>\n\t\t\t\t<div class=\"elementor-element elementor-element-8d8c260 elementor-widget elementor-widget-text-editor\" data-id=\"8d8c260\" data-element_type=\"widget\" data-e-type=\"widget\" data-widget_type=\"text-editor.default\">\n\t\t\t\t<div class=\"elementor-widget-container\">\n\t\t\t\t\t\t\t\t\t<p>Seit jeher engagiert sich die Sparkasse in der Region, f\u00fcr die Region. Dabei steht das Gemeinwohl im Vordergrund. Auch nach dem Zusammenschluss der Sparkassen in Erlangen und H\u00f6chstadt wird die Tradition der vorweihnachtlichen Spenden\u00fcbergabe fortgef\u00fchrt. Dabei werden gemeinn\u00fctzige Projekte von Einrichtungen mit karitativem und sozialem Charakter, aber auch Verb\u00e4nde und Institutionen aus den Bereichen Sport, Kultur, Umwelt und Bildung unterst\u00fctzt.<\/p>\t\t\t\t\t\t\t\t<\/div>\n\t\t\t\t<\/div>\n\t\t\t\t<div class=\"elementor-element elementor-element-7682ef0 elementor-widget elementor-widget-image\" data-id=\"7682ef0\" data-element_type=\"widget\" data-e-type=\"widget\" data-widget_type=\"image.default\">\n\t\t\t\t<div class=\"elementor-widget-container\">\n\t\t\t\t\t\t\t\t\t\t\t\t\t\t\t<img loading=\"lazy\" decoding=\"async\" width=\"500\" height=\"333\" src=\"https:\/\/www.sozialtreff-erlangen.de\/WP\/wp-content\/uploads\/2019\/01\/SpkWeihnachten2017.jpg\" class=\"attachment-full size-full wp-image-193\" alt=\"\" srcset=\"https:\/\/www.sozialtreff-erlangen.de\/WP\/wp-content\/uploads\/2019\/01\/SpkWeihnachten2017.jpg 500w, https:\/\/www.sozialtreff-erlangen.de\/WP\/wp-content\/uploads\/2019\/01\/SpkWeihnachten2017-300x200.jpg 300w\" sizes=\"(max-width: 500px) 100vw, 500px\" \/>\t\t\t\t\t\t\t\t\t\t\t\t\t\t\t<\/div>\n\t\t\t\t<\/div>\n\t\t\t\t<div class=\"elementor-element elementor-element-88d053c elementor-widget elementor-widget-text-editor\" data-id=\"88d053c\" data-element_type=\"widget\" data-e-type=\"widget\" data-widget_type=\"text-editor.default\">\n\t\t\t\t<div class=\"elementor-widget-container\">\n\t\t\t\t\t\t\t\t\t<p>W\u00e4hrend einer Feierstunde am 15.12.2017 in der Kundenhalle der Erlanger Sparkasse am Hugenottenplatz konnten wir von den Vorst\u00e4nden der Stadt- und Kreissparkasse Erlangen H\u00f6chstadt Herzogenaurach Reinhardt Lugschi und Walter Paulus-Rohmer im Beisein von Oberb\u00fcrgermeister Dr. Florian Janik und dem H\u00f6chstadter Christkind Anja Stowasser eine Spende entgegennehmen. Mit der Spendenaktion setzt die Sparkasse ein deutliches Zeichen: \u201eWeihnachten ist die Zeit f\u00fcr Geschenke an Familie und Freunde. Und es ist ein Anlass, freiwillig und ohne Gegenleistung zu erwarten, denen etwas zu geben, die weniger haben als andere oder Hilfe ben\u00f6tigen\u201c, betonte Reinhardt Lugschi. \u201eAuch Zuwendung und Zeit k\u00f6nnen tolle Geschenke sein \u2013 vielleicht sogar mit mehr Wert als materielle Dinge. Denn Zeit und Engagement bringen auch alle die ein, die sich ehrenamtlich bet\u00e4tigen. Und das nicht nur zur Weihnachtszeit, sondern das ganze Jahr \u00fcber\u201c, so Lugschi weiter.\u00a0<\/p>\t\t\t\t\t\t\t\t<\/div>\n\t\t\t\t<\/div>\n\t\t\t\t<div class=\"elementor-element elementor-element-51687f6 elementor-widget elementor-widget-heading\" data-id=\"51687f6\" data-element_type=\"widget\" data-e-type=\"widget\" data-widget_type=\"heading.default\">\n\t\t\t\t<div class=\"elementor-widget-container\">\n\t\t\t\t\t<h2 class=\"elementor-heading-title elementor-size-default\">Weihnachtsspenden\u00fcbergabe der Sparkasse Erlangen am 15.12.2016 in der Sparkasse Erlangen am Hugenottenplatz:<\/h2>\t\t\t\t<\/div>\n\t\t\t\t<\/div>\n\t\t\t\t<div class=\"elementor-element elementor-element-c2eb845 elementor-widget elementor-widget-image\" data-id=\"c2eb845\" data-element_type=\"widget\" data-e-type=\"widget\" data-widget_type=\"image.default\">\n\t\t\t\t<div class=\"elementor-widget-container\">\n\t\t\t\t\t\t\t\t\t\t\t\t\t\t\t<img loading=\"lazy\" decoding=\"async\" width=\"800\" height=\"533\" src=\"https:\/\/www.sozialtreff-erlangen.de\/WP\/wp-content\/uploads\/2019\/01\/SpkWeihnachten2016.jpg\" class=\"attachment-large size-large wp-image-196\" alt=\"\" srcset=\"https:\/\/www.sozialtreff-erlangen.de\/WP\/wp-content\/uploads\/2019\/01\/SpkWeihnachten2016.jpg 800w, https:\/\/www.sozialtreff-erlangen.de\/WP\/wp-content\/uploads\/2019\/01\/SpkWeihnachten2016-300x200.jpg 300w, https:\/\/www.sozialtreff-erlangen.de\/WP\/wp-content\/uploads\/2019\/01\/SpkWeihnachten2016-768x512.jpg 768w\" sizes=\"(max-width: 800px) 100vw, 800px\" \/>\t\t\t\t\t\t\t\t\t\t\t\t\t\t\t<\/div>\n\t\t\t\t<\/div>\n\t\t\t\t<div class=\"elementor-element elementor-element-abc017c elementor-widget elementor-widget-text-editor\" data-id=\"abc017c\" data-element_type=\"widget\" data-e-type=\"widget\" data-widget_type=\"text-editor.default\">\n\t\t\t\t<div class=\"elementor-widget-container\">\n\t\t\t\t\t\t\t\t\t<p>Die Sparkasse Erlangen setzte auch im Jahr 2016 ihre vorweihnachtliche Tradition mit der j\u00e4hrlichen Weihnachtsspenden-\u00dcbergabe fort. Sie unterst\u00fctzt gemeinn\u00fctzige Projekte von Einrichtungen mit karitativem und sozialem Charakter, aber auch Verb\u00e4nde und Institutionen aus den Bereichen Sport, Kultur, Umwelt und Bildung.<\/p><p>Bei der Weihnachtsspenden\u00fcbergabe am 15.12.2016 in der Sparkasse Erlangen am Hugenottenplatz konnten wir von Johannes von Hebel, Vorstandsvorsitzender der Sparkasse Erlangen, und seinem Vorstandskollegen Walter Paulus-Rohmer eine Spende entgegennehmen. Mit der Spendenaktion setzt die Sparkasse Erlangen ein deutliches Zeichen und unterst\u00fctzt damit das Engagement und die ehrenamtliche Arbeit aktiv.<\/p><p>\u201eSoziales Engagement ist einer der wichtigsten Grundpfeiler unserer Gesellschaft und gerade heute ein wesentlicher Beitrag f\u00fcr ein harmonisches Miteinander. Ohne ehrenamtliches Engagement w\u00fcrden viele Einrichtungen nicht existieren, die f\u00fcr uns alle heute selbstverst\u00e4ndlich erscheinen\u201c, betonte von Hebel. \u201eDer Einsatz f\u00fcr Kinder, Jugendliche, Kranke und alte Menschen, ausl\u00e4ndische Mitb\u00fcrger, f\u00fcr den Natur- und Umweltschutz, f\u00fcr Kultur und Sport, f\u00fcr Politik und Gewerkschaften, f\u00fcr Kirchen und Vereine und so vieles mehr, ist unbezahlbar\u201c, so von Hebel weiter.<\/p>\t\t\t\t\t\t\t\t<\/div>\n\t\t\t\t<\/div>\n\t\t\t\t<div class=\"elementor-element elementor-element-877f521 elementor-widget elementor-widget-heading\" data-id=\"877f521\" data-element_type=\"widget\" data-e-type=\"widget\" data-widget_type=\"heading.default\">\n\t\t\t\t<div class=\"elementor-widget-container\">\n\t\t\t\t\t<h2 class=\"elementor-heading-title elementor-size-default\">Weihnachten 2015\n\n<\/h2>\t\t\t\t<\/div>\n\t\t\t\t<\/div>\n\t\t\t\t<div class=\"elementor-element elementor-element-2ee6ced elementor-widget elementor-widget-text-editor\" data-id=\"2ee6ced\" data-element_type=\"widget\" data-e-type=\"widget\" data-widget_type=\"text-editor.default\">\n\t\t\t\t<div class=\"elementor-widget-container\">\n\t\t\t\t\t\t\t\t\t<p>Die Sparkasse Erlangen setzte auch im Jahr 2015 ihre vorweihnachtliche Tradition fort &#8211; die j\u00e4hrliche Weihnachtsspenden-\u00dcbergabe. Sie unterst\u00fctzt gemeinn\u00fctzige Projekte von Einrichtungen mit karitativem und sozialem Charakter, aber auch Verb\u00e4nde und Institutionen aus den Bereichen Sport, Kultur, Umwelt und Bildung. Bei der Weihnachtsspenden\u00fcbergabe am 11.12.2015 in der Sparkasse Erlangen am Hugenottenplatz konnten wir von den Vorst\u00e4nden der Sparkasse Erlangen, Walter Paulus-Rohmer und Heinz Gebhardt, eine Spende entgegennehmen. Mit der Spendenaktion setzt die Sparkasse Erlangen ein deutliches Zeichen: \u201eHeute m\u00f6chten wir all denjenigen danken, die sich in 2015 bzw. auch schon seit vielen Jahren in ihrer Freizeit f\u00fcr unsere Region engagiert und mit viel Herzblut f\u00fcr unsere Gesellschaft eingesetzt haben\u201c, betonte Paulus-Rohmer.<\/p>\t\t\t\t\t\t\t\t<\/div>\n\t\t\t\t<\/div>\n\t\t\t\t<div class=\"elementor-element elementor-element-fe28086 elementor-widget elementor-widget-image\" data-id=\"fe28086\" data-element_type=\"widget\" data-e-type=\"widget\" data-widget_type=\"image.default\">\n\t\t\t\t<div class=\"elementor-widget-container\">\n\t\t\t\t\t\t\t\t\t\t\t\t\t\t\t<img loading=\"lazy\" decoding=\"async\" width=\"800\" height=\"534\" src=\"https:\/\/www.sozialtreff-erlangen.de\/WP\/wp-content\/uploads\/2019\/01\/ai7yhyo3.jpg\" class=\"attachment-large size-large wp-image-198\" alt=\"\" srcset=\"https:\/\/www.sozialtreff-erlangen.de\/WP\/wp-content\/uploads\/2019\/01\/ai7yhyo3.jpg 800w, https:\/\/www.sozialtreff-erlangen.de\/WP\/wp-content\/uploads\/2019\/01\/ai7yhyo3-300x200.jpg 300w, https:\/\/www.sozialtreff-erlangen.de\/WP\/wp-content\/uploads\/2019\/01\/ai7yhyo3-768x513.jpg 768w\" sizes=\"(max-width: 800px) 100vw, 800px\" \/>\t\t\t\t\t\t\t\t\t\t\t\t\t\t\t<\/div>\n\t\t\t\t<\/div>\n\t\t\t\t<div class=\"elementor-element elementor-element-4ad239e elementor-widget elementor-widget-text-editor\" data-id=\"4ad239e\" data-element_type=\"widget\" data-e-type=\"widget\" data-widget_type=\"text-editor.default\">\n\t\t\t\t<div class=\"elementor-widget-container\">\n\t\t\t\t\t\t\t\t\t<p>\u201eF\u00fcr unsere Sparkasse geh\u00f6rt es zum Selbstverst\u00e4ndnis gesellschaftliche Verantwortung in der Region zu \u00fcbernehmen. Deshalb unterst\u00fctzen wir als stabiler und verl\u00e4sslicher Partner jedes Jahr die Leistungen gemein\u00adn\u00fctziger Einrichtungen und Verb\u00e4nde sehr gerne. Damit m\u00f6chten wir auch unsere Wertsch\u00e4tzung zum Ausdruck bringen\u201c, so Paulus-Rohmer weiter.<\/p><p>Aber nicht nur als Kreditinstitut unterst\u00fctzt die Sparkasse Erlangen die Region in finanzieller Hinsicht, denn auch die Mitarbeiterinnen und Mitarbeiter engagieren sind in rund 300 ehrenamtlichen Aktivit\u00e4ten bei zahlreichen karitativen, kirchlichen, sozialen, sportlichen und kulturellen Vereinen und Institutionen aktiv im Ehrenamt.<\/p>\t\t\t\t\t\t\t\t<\/div>\n\t\t\t\t<\/div>\n\t\t\t\t<div class=\"elementor-element elementor-element-8ce8682 elementor-widget elementor-widget-heading\" data-id=\"8ce8682\" data-element_type=\"widget\" data-e-type=\"widget\" data-widget_type=\"heading.default\">\n\t\t\t\t<div class=\"elementor-widget-container\">\n\t\t\t\t\t<h2 class=\"elementor-heading-title elementor-size-default\">Weihnachten 2014\n<\/h2>\t\t\t\t<\/div>\n\t\t\t\t<\/div>\n\t\t\t\t<div class=\"elementor-element elementor-element-86d581c elementor-widget elementor-widget-text-editor\" data-id=\"86d581c\" data-element_type=\"widget\" data-e-type=\"widget\" data-widget_type=\"text-editor.default\">\n\t\t\t\t<div class=\"elementor-widget-container\">\n\t\t\t\t\t\t\t\t\t<p>Die Sparkasse Erlangen setzte auch in ihrem 185-j\u00e4hrigen Jubil\u00e4umsjahr ihre vorweihnachtliche Tradition fort: die j\u00e4hrliche Weihnachtsspenden-\u00dcbergabe. Sie unterst\u00fctzt gemeinn\u00fctzige Projekte von Einrichtungen mit karitativem und sozialem Charakter, aber auch Verb\u00e4nde und Institutionen aus den Bereichen Sport, Kultur, Umwelt und Bildung. Bei der Weihnachtsspenden\u00fcbergabe am 12.12.2014 in der Sparkasse Erlangen am Hugenottenplatz konnten wir von den Vorst\u00e4nden der Sparkasse Erlangen, Walter Paulus-Rohmer und Heinz Gebhardt, eine Spende entgegennehmen. Mit der Spendenaktion setzt die Sparkasse Erlangen ein deutliches Zeichen: Engagement und ehrenamtliche Arbeit werden aktiv unterst\u00fctzt.<\/p><p>\u201eSoziales Engagement ist einer der wichtigsten Grundpfeiler unserer Gesellschaft\u201c, betonte Paulus-Rohmer. \u201eUm dieses in die Tat umzusetzen, braucht es zum einen finanzielle Mittel, aber vor allem Menschen, die sich ehrenamtlich engagieren wollen. Durch ihren unentgeltlichen und unerm\u00fcdlichen Einsatz schaffen sie Gemeinschaft und geben das Gef\u00fchl von Verbundenheit und Zugeh\u00f6rigkeit.\u201c, so Paulus-Rohmer weiter.<\/p><p>\u201eWer die Region liebt, f\u00f6rdert sie.\u201c Unter diesem Motto unterst\u00fctzt die Sparkasse Erlangen gerne die Leistungen gemein\u00adn\u00fctziger Einrichtungen und Verb\u00e4nde und dr\u00fcckt damit auch ihre Wertsch\u00e4tzung aus. Daher f\u00f6rdert sie dies auch bei ihren Mitarbeitern. Aus den eigenen Reihen der Sparkasse sind die Mitarbeiter in rund 300 ehrenamtliche Aktivit\u00e4ten bei zahlreichen karitativen, kirchlichen, sozialen, sportlichen und kulturellen Vereinen und Institutionen eingebunden.<\/p>\t\t\t\t\t\t\t\t<\/div>\n\t\t\t\t<\/div>\n\t\t\t\t<div class=\"elementor-element elementor-element-c9b2de6 elementor-widget elementor-widget-image\" data-id=\"c9b2de6\" data-element_type=\"widget\" data-e-type=\"widget\" data-widget_type=\"image.default\">\n\t\t\t\t<div class=\"elementor-widget-container\">\n\t\t\t\t\t\t\t\t\t\t\t\t\t\t\t<img loading=\"lazy\" decoding=\"async\" width=\"800\" height=\"533\" src=\"https:\/\/www.sozialtreff-erlangen.de\/WP\/wp-content\/uploads\/2019\/01\/c7udtxgg.jpg\" class=\"attachment-large size-large wp-image-197\" alt=\"\" srcset=\"https:\/\/www.sozialtreff-erlangen.de\/WP\/wp-content\/uploads\/2019\/01\/c7udtxgg.jpg 800w, https:\/\/www.sozialtreff-erlangen.de\/WP\/wp-content\/uploads\/2019\/01\/c7udtxgg-300x200.jpg 300w, https:\/\/www.sozialtreff-erlangen.de\/WP\/wp-content\/uploads\/2019\/01\/c7udtxgg-768x512.jpg 768w\" sizes=\"(max-width: 800px) 100vw, 800px\" \/>\t\t\t\t\t\t\t\t\t\t\t\t\t\t\t<\/div>\n\t\t\t\t<\/div>\n\t\t\t\t<div class=\"elementor-element elementor-element-68b9f17 elementor-icon-list--layout-traditional elementor-list-item-link-full_width elementor-widget elementor-widget-icon-list\" data-id=\"68b9f17\" data-element_type=\"widget\" data-e-type=\"widget\" data-widget_type=\"icon-list.default\">\n\t\t\t\t<div class=\"elementor-widget-container\">\n\t\t\t\t\t\t\t<ul class=\"elementor-icon-list-items\">\n\t\t\t\t\t\t\t<li class=\"elementor-icon-list-item\">\n\t\t\t\t\t\t\t\t\t\t\t<a href=\"https:\/\/www.sozialtreff-erlangen.de\/WP\/wp-content\/uploads\/2019\/01\/erlanger_nachrichten_sozialtreff__2012-08-03.pdf\" target=\"_blank\">\n\n\t\t\t\t\t\t\t\t\t\t\t\t<span class=\"elementor-icon-list-icon\">\n\t\t\t\t\t\t\t\t\t\t\t\t\t\t\t\t<i class=\"fa fa-download\" aria-hidden=\"true\"><\/i>\n\t\t\t\t\t\t\t\t\t\t\t\t\t<\/span>\n\t\t\t\t\t\t\t\t\t\t<span class=\"elementor-icon-list-text\">Erlanger Nachrichten 03.08.2012<\/span>\n\t\t\t\t\t\t\t\t\t\t\t<\/a>\n\t\t\t\t\t\t\t\t\t<\/li>\n\t\t\t\t\t\t<\/ul>\n\t\t\t\t\t\t<\/div>\n\t\t\t\t<\/div>\n\t\t\t\t<div class=\"elementor-element elementor-element-56c1bef elementor-widget elementor-widget-text-editor\" data-id=\"56c1bef\" data-element_type=\"widget\" data-e-type=\"widget\" data-widget_type=\"text-editor.default\">\n\t\t\t\t<div class=\"elementor-widget-container\">\n\t\t\t\t\t\t\t\t\t<p>Mit freundlicher Genehmigung der Erlanger Nachrichten<\/p>\t\t\t\t\t\t\t\t<\/div>\n\t\t\t\t<\/div>\n\t\t\t\t\t<\/div>\n\t\t<\/div>\n\t\t\t\t\t<\/div>\n\t\t<\/section>\n\t\t\t\t<\/div>\n\t\t","protected":false},"excerpt":{"rendered":"<p>Der Sozialtreff in der Presse Erlangen H\u00f6chstadt Herzogenaurach am 15.12.2017 in der Sparkasse Erlangen am Hugenottenplatz Seit jeher engagiert sich die Sparkasse in der Region, f\u00fcr die Region. Dabei steht das Gemeinwohl im Vordergrund. Auch nach dem Zusammenschluss der Sparkassen in Erlangen und H\u00f6chstadt wird die Tradition der vorweihnachtlichen Spenden\u00fcbergabe fortgef\u00fchrt. Dabei werden gemeinn\u00fctzige Projekte [&hellip;]<\/p>\n","protected":false},"author":1,"featured_media":0,"parent":0,"menu_order":0,"comment_status":"closed","ping_status":"closed","template":"","meta":{"ocean_post_layout":"","ocean_both_sidebars_style":"","ocean_both_sidebars_content_width":0,"ocean_both_sidebars_sidebars_width":0,"ocean_sidebar":"0","ocean_second_sidebar":"0","ocean_disable_margins":"enable","ocean_add_body_class":"","ocean_shortcode_before_top_bar":"","ocean_shortcode_after_top_bar":"","ocean_shortcode_before_header":"","ocean_shortcode_after_header":"","ocean_has_shortcode":"","ocean_shortcode_after_title":"","ocean_shortcode_before_footer_widgets":"","ocean_shortcode_after_footer_widgets":"","ocean_shortcode_before_footer_bottom":"","ocean_shortcode_after_footer_bottom":"","ocean_display_top_bar":"default","ocean_display_header":"default","ocean_header_style":"","ocean_center_header_left_menu":"0","ocean_custom_header_template":"0","ocean_custom_logo":0,"ocean_custom_retina_logo":0,"ocean_custom_logo_max_width":0,"ocean_custom_logo_tablet_max_width":0,"ocean_custom_logo_mobile_max_width":0,"ocean_custom_logo_max_height":0,"ocean_custom_logo_tablet_max_height":0,"ocean_custom_logo_mobile_max_height":0,"ocean_header_custom_menu":"0","ocean_menu_typo_font_family":"0","ocean_menu_typo_font_subset":"","ocean_menu_typo_font_size":0,"ocean_menu_typo_font_size_tablet":0,"ocean_menu_typo_font_size_mobile":0,"ocean_menu_typo_font_size_unit":"px","ocean_menu_typo_font_weight":"","ocean_menu_typo_font_weight_tablet":"","ocean_menu_typo_font_weight_mobile":"","ocean_menu_typo_transform":"","ocean_menu_typo_transform_tablet":"","ocean_menu_typo_transform_mobile":"","ocean_menu_typo_line_height":0,"ocean_menu_typo_line_height_tablet":0,"ocean_menu_typo_line_height_mobile":0,"ocean_menu_typo_line_height_unit":"","ocean_menu_typo_spacing":0,"ocean_menu_typo_spacing_tablet":0,"ocean_menu_typo_spacing_mobile":0,"ocean_menu_typo_spacing_unit":"","ocean_menu_link_color":"","ocean_menu_link_color_hover":"","ocean_menu_link_color_active":"","ocean_menu_link_background":"","ocean_menu_link_hover_background":"","ocean_menu_link_active_background":"","ocean_menu_social_links_bg":"","ocean_menu_social_hover_links_bg":"","ocean_menu_social_links_color":"","ocean_menu_social_hover_links_color":"","ocean_disable_title":"default","ocean_disable_heading":"default","ocean_post_title":"","ocean_post_subheading":"","ocean_post_title_style":"","ocean_post_title_background_color":"","ocean_post_title_background":0,"ocean_post_title_bg_image_position":"","ocean_post_title_bg_image_attachment":"","ocean_post_title_bg_image_repeat":"","ocean_post_title_bg_image_size":"","ocean_post_title_height":0,"ocean_post_title_bg_overlay":0.5,"ocean_post_title_bg_overlay_color":"","ocean_disable_breadcrumbs":"default","ocean_breadcrumbs_color":"","ocean_breadcrumbs_separator_color":"","ocean_breadcrumbs_links_color":"","ocean_breadcrumbs_links_hover_color":"","ocean_display_footer_widgets":"default","ocean_display_footer_bottom":"default","ocean_custom_footer_template":"0","footnotes":""},"class_list":["post-30","page","type-page","status-publish","hentry","entry"],"_links":{"self":[{"href":"https:\/\/www.sozialtreff-erlangen.de\/WP\/wp-json\/wp\/v2\/pages\/30","targetHints":{"allow":["GET"]}}],"collection":[{"href":"https:\/\/www.sozialtreff-erlangen.de\/WP\/wp-json\/wp\/v2\/pages"}],"about":[{"href":"https:\/\/www.sozialtreff-erlangen.de\/WP\/wp-json\/wp\/v2\/types\/page"}],"author":[{"embeddable":true,"href":"https:\/\/www.sozialtreff-erlangen.de\/WP\/wp-json\/wp\/v2\/users\/1"}],"replies":[{"embeddable":true,"href":"https:\/\/www.sozialtreff-erlangen.de\/WP\/wp-json\/wp\/v2\/comments?post=30"}],"version-history":[{"count":13,"href":"https:\/\/www.sozialtreff-erlangen.de\/WP\/wp-json\/wp\/v2\/pages\/30\/revisions"}],"predecessor-version":[{"id":721,"href":"https:\/\/www.sozialtreff-erlangen.de\/WP\/wp-json\/wp\/v2\/pages\/30\/revisions\/721"}],"wp:attachment":[{"href":"https:\/\/www.sozialtreff-erlangen.de\/WP\/wp-json\/wp\/v2\/media?parent=30"}],"curies":[{"name":"wp","href":"https:\/\/api.w.org\/{rel}","templated":true}]}}